{"id":800,"date":"2025-02-24T15:19:24","date_gmt":"2025-02-24T14:19:24","guid":{"rendered":"https:\/\/mfrbrenne.fr\/?page_id=800"},"modified":"2026-04-22T14:51:29","modified_gmt":"2026-04-22T12:51:29","slug":"bpjeps","status":"publish","type":"page","link":"https:\/\/mfrbrenne.fr\/index.php\/bpjeps\/","title":{"rendered":"BPJEPS"},"content":{"rendered":"\t\t<div data-elementor-type=\"wp-page\" data-elementor-id=\"800\" class=\"elementor elementor-800\" data-elementor-post-type=\"page\">\n\t\t\t\t<div class=\"elementor-element elementor-element-77c7393 e-flex e-con-boxed e-con e-parent\" data-id=\"77c7393\" data-element_type=\"container\" data-e-type=\"container\">\n\t\t\t\t\t<div class=\"e-con-inner\">\n\t\t\t\t\t<\/div>\n\t\t\t\t<\/div>\n\t\t<div class=\"elementor-element elementor-element-7712465 e-flex e-con-boxed e-con e-parent\" data-id=\"7712465\" data-element_type=\"container\" data-e-type=\"container\">\n\t\t\t\t\t<div class=\"e-con-inner\">\n\t\t\t\t<div class=\"elementor-element elementor-element-24fa0de elementor-widget elementor-widget-text-editor\" data-id=\"24fa0de\" data-element_type=\"widget\" data-e-type=\"widget\" data-widget_type=\"text-editor.default\">\n\t\t\t\t<div class=\"elementor-widget-container\">\n\t\t\t\t\t\t\t\t\t<p><strong>BPJEPS sp\u00e9cialit\u00e9 \u00ab animateur \u00bb <\/strong><strong>mention \u00ab animation socio-\u00e9ducative et culturelle \u00bb (ASEC)<\/strong><\/p><p><strong>Action de formation en alternance \/ Ouvert \u00e0 l\u2019apprentissage \/ Niveau 4<br \/><\/strong><\/p><p><span style=\"text-decoration: underline;\"><strong>PROCHAINE SESSION Octobre 2026 (d\u00e9but inscriptions juin 2026)<\/strong><\/span><\/p><p><em>N\u00b0 d\u2019habilitation DRAJES : 25045HABBPBC0005<\/em><\/p>\t\t\t\t\t\t\t\t<\/div>\n\t\t\t\t<\/div>\n\t\t\t\t\t<\/div>\n\t\t\t\t<\/div>\n\t\t<div class=\"elementor-element elementor-element-7e731e4 e-flex e-con-boxed e-con e-parent\" data-id=\"7e731e4\" data-element_type=\"container\" data-e-type=\"container\">\n\t\t\t\t\t<div class=\"e-con-inner\">\n\t\t\t\t<div class=\"elementor-element elementor-element-117deed elementor-widget elementor-widget-text-editor\" data-id=\"117deed\" data-element_type=\"widget\" data-e-type=\"widget\" data-widget_type=\"text-editor.default\">\n\t\t\t\t<div class=\"elementor-widget-container\">\n\t\t\t\t\t\t\t\t\t<h2><strong>Certification<\/strong><\/h2><p>N\u00b0 RNCP\u00a0: 39926<\/p><p>Date d&rsquo;enregistrement : 09\/12\/2024<\/p><p>Nom l\u00e9gal du certificateur : minist\u00e8re des Sports et des Jeux Olympiques et Paralympiques<\/p><h2><strong>Public concern\u00e9<\/strong><\/h2><p>Tous les publics\u00a0: \u00e9tudiant, demandeur d\u2019emploi, salari\u00e9\u2026<\/p><h2><strong>Pr\u00e9requis et conditions d\u2019acc\u00e8s<\/strong><\/h2><p>\u00catre \u00e2g\u00e9(e) de 18 ans \u00e0 l&rsquo;entr\u00e9e en formation. 16 \u00e0 29 ans r\u00e9volus pour l\u2019apprentissage (sauf d\u00e9rogations sp\u00e9cifiques).<\/p><p>\u00catre titulaire de l\u2019un des certificats relatifs au secourisme suivants :<\/p><ul><li>a minima le certificat de comp\u00e9tences relatif \u00e0 l\u2019unit\u00e9 d\u2019enseignement \u00ab pr\u00e9vention et secours civiques de niveau 1 \u00bb (PSC1) ou \u00e9quivalent ;<\/li><li>le certificat de sauveteur secouriste du travail (SST) en cours de validit\u00e9.<\/li><\/ul><p>Justifier d\u2019une exp\u00e9rience d\u2019animateur aupr\u00e8s d\u2019un groupe d\u2019une dur\u00e9e minimale de 200 heures.<\/p><p>Retrait et d\u00e9p\u00f4t de dossier suivant calendrier (1er juin au 31 ao\u00fbt 2026).<\/p><p>Admission apr\u00e8s avoir satisfait aux pr\u00e9requis et aux s\u00e9lections (entretien de 20mn maximum avec un jury, \u00e0 la suite d\u2019un \u00e9crit de 30 min).<\/p><p>Avoir un financement pr\u00e9vu.<\/p><h2><strong>Accessibilit\u00e9 personnes handicap\u00e9es<\/strong><\/h2><p>Formation accessible aux personnes handicap\u00e9es, aux personnes en difficult\u00e9 d\u2019apprentissage.<\/p><p>Pour plus de renseignement sur les conditions d\u2019accueil et d\u2019acc\u00e8s des publics en situation de handicap, contacter la MFR de la Brenne\u00a0:<\/p><p>mfr.brenne@mfr.asso.fr\u00a0<br \/>T\u00e9l\u00a0: 06 85 12 04 78<br \/>R\u00e9f\u00e9rente Handicap : St\u00e9phanie JARDIN<\/p><h2><strong>Pr\u00e9sentation g\u00e9n\u00e9rale<\/strong><\/h2><p>Le BPJEPS ASEC permet \u00e0 son titulaire d\u2019exercer en autonomie son activit\u00e9 professionnelle d\u2019animateur en utilisant un ou des supports techniques dans les champs des activit\u00e9s \u00e9ducatives, culturelles et sociales, dans la limite des cadres r\u00e9glementaires.<\/p><p>L\u2019animateur est responsable de son action sur le plan p\u00e9dagogique, technique et organisationnel et assure la s\u00e9curit\u00e9 des tiers et des publics dont il a la charge.<\/p><p>Il a la responsabilit\u00e9 d\u2019une action \u00e9ducative qui s\u2019inscrit dans le projet de la structure.<\/p><p>Il encadre tout type de public, dans tous lieux d\u2019accueil ou de pratique en prenant en compte les publics et les contextes territoriaux de vie de ces publics.<\/p><p>L\u2019animateur peut relever de tous les types de statuts : salari\u00e9 du secteur public ou priv\u00e9, travailleur ind\u00e9pendant ou responsable d\u2019entreprise.<\/p><h2><strong>Objectifs<\/strong><\/h2><p>Le BPJEPS ASEC propos\u00e9 par la MFR de la Brenne met l\u2019accent sur l\u2019\u00e9ducation populaire, le rapport au vivant et la lutte contre les discriminations, en promouvant des comp\u00e9tences au service de tous. Il donne les cl\u00e9s pour inscrire ses pratiques sur le territoire o\u00f9 il agit, en lien avec les acteurs concern\u00e9s.\u00a0 L\u2019unification du dipl\u00f4me permet aux animateurs d\u2019intervenir sur des projets vari\u00e9s, tels que l\u2019animation enfance, grand \u00e2ge, les loisirs, et la m\u00e9diation culturelle, refl\u00e9tant l\u2019\u00e9volution des m\u00e9tiers de l\u2019animation et la n\u00e9cessit\u00e9 de polyvalence.<\/p><p>La formation est structur\u00e9e en quatre blocs de comp\u00e9tences, permettant une reconnaissance claire des acquis et une adaptation rapide aux besoins du march\u00e9 du travail. Elle prend en compte la transversalit\u00e9 des comp\u00e9tences exig\u00e9es des professionnels de l\u2019animation.<\/p><h3>L\u2019accompagnement, au c\u0153ur de la formation en alternance\u00a0:<\/h3><p>La formation se d\u00e9roule en alternance. Le rythme permet un lien \u00e9troit entre th\u00e9orie et pratique :<\/p><ul><li>2 jours par semaine en centre de formation,<\/li><li>3 jours en structure d&rsquo;alternance.<\/li><\/ul><p>Ce lien est renforc\u00e9 par l&rsquo;accompagnement du stagiaire par le tuteur sur le terrain et par l\u2019\u00e9quipe p\u00e9dagogique sur le centre de formation. Les relations tuteur\/centre de formation\/stagiaire sont primordiales. R\u00e9guli\u00e8rement, des rencontres peuvent \u00eatre organis\u00e9es.<\/p><h3>La MFR de la Brenne inscrit sa d\u00e9marche dans l\u2019alternance int\u00e9grative :<\/h3><ul><li>En entreprise : pr\u00e9paration d&rsquo;un travail de production et de recherche.<\/li><li>En centre : r\u00e9 interrogation des travaux de recherche, confrontation des pratiques et mutualisation des r\u00e9flexions. Apports th\u00e9oriques et m\u00e9thodologique.<\/li><li>En entreprise : utilisation des m\u00e9thodes, d\u00e9marches&#8230; Exp\u00e9rimentations progressives.<\/li><\/ul><h2><strong>Contenu de la formation<\/strong><\/h2><p>Le BPJEPS mention \u00ab animation socio-\u00e9ducative et culturelle \u00bb est structur\u00e9 autour de 4 blocs de comp\u00e9tences (BC) :<\/p><p>2 BC communs \u00e0 tous les BPJEPS :<\/p><ul><li>Concevoir et mettre en \u0153uvre des projets d\u2019animation dans le cadre de l\u2019organisation de travail d\u2019une structure du champ du sport ou de l\u2019animation ;<\/li><li>Valoriser les activit\u00e9s et les projets d\u2019une structure du sport ou de l\u2019animation<\/li><\/ul><p>2 BC sp\u00e9cifiques \u00e0 la mention \u00ab ASEC \u00bb :<\/p><ul><li>Concevoir, conduire, en s\u00e9curit\u00e9 et \u00e9valuer, des s\u00e9quences d\u2019animation et des s\u00e9ances d\u2019activit\u00e9s culturelles, \u00e9ducatives ou sociales dans le cadre du projet et de l\u2019organisation de travail de la structure ;<\/li><li>Organiser et encadrer le \u00ab vivre ensemble \u00bb avec les publics accueillis au sein d\u2019une structure proposant des activit\u00e9s de loisirs et d\u2019animation socioculturelle.<\/li><\/ul><p>Cette structuration permet une formation modulaire, facilitant l\u2019int\u00e9gration des acquis dans diff\u00e9rents contextes professionnels de l\u2019animation socio-\u00e9ducative et culturelle.<\/p><h2><strong>Modalit\u00e9s p\u00e9dagogiques<\/strong><\/h2><p>Alternance d\u2019apports th\u00e9oriques, \u00e9changes sur les pratiques, mises en situation, p\u00e9dagogie de projet, individualisation des parcours, tutorat.<\/p><p>Formation en pr\u00e9sentielle ou \u00e0 distance.<\/p><p>Exp\u00e9rience professionnelle et p\u00e9dagogique des intervenants.<\/p><p>Moyens mat\u00e9riels : salle, vid\u00e9oprojecteur, paperboard, outils d\u2019animation<\/p><h2><strong>Modules compl\u00e9mentaires propos\u00e9s<\/strong><\/h2><p>Une certification compl\u00e9mentaire direction sera propos\u00e9e \u00e0 la suite du BPJEPS sp\u00e9cialit\u00e9 \u00ab animateur \u00bb mention \u00ab animation socio-\u00e9ducative et culturelle \u00bb\u00a0<\/p><p><strong style=\"font-size: 1rem;\">\u00a0<\/strong><\/p><p><strong>Comp\u00e9tences professionnelles vis\u00e9es<\/strong><\/p><p>Le projet de formation propos\u00e9 par la MFR de la Brenne d\u00e9veloppe les comp\u00e9tences vis\u00e9es par le dipl\u00f4me dans des domaines constitutifs du m\u00e9tier d&rsquo;animateur :<\/p><ul><li>Encadrer tout public dans tout lieu et toute structure<\/li><li>Mettre en \u0153uvre un projet d&rsquo;animation s&rsquo;inscrivant dans le projet de la structure et son territoire<\/li><li>Valoriser les activit\u00e9s et les projets d\u2019une structure de l\u2019animation<\/li><li>Conduire des actions d&rsquo;animation dans le champ des activit\u00e9s \u00e9ducatives, culturelles et sociales<\/li><li>Mobiliser les d\u00e9marches d&rsquo;\u00e9ducation populaire pour mettre en \u0153uvre des activit\u00e9s d&rsquo;animation<\/li><\/ul><h2><strong>Dur\u00e9e<\/strong><\/h2><p>540h minimum en organisme de formation et 360h minimum en entreprise<\/p><h2><strong>P\u00e9riode<\/strong><\/h2><p>Octobre 2026-D\u00e9cembre 2027 (\u00e0 confirmer)<\/p><h2><strong>Modalit\u00e9s et d\u00e9lais d\u2019acc\u00e8s<\/strong><\/h2><p>A pr\u00e9ciser<\/p><h2><strong>Lieu<\/strong><\/h2><p>Au Blanc (36300)<\/p><h2><strong>Co\u00fbt par participant<\/strong><\/h2><ul><li>OPCO \/ CPF \/ Employeur \/ Personnel : \u00e0 pr\u00e9ciser<\/li><li>Contrat d&rsquo;apprentissage : \u00e0 pr\u00e9ciser<\/li><\/ul><h2><strong>Contact<\/strong><\/h2><p>Laure BOUGON<br \/>06 85 12 04 78 ou 06 61 53 61 90<br \/><a href=\"mailto:laure.bougon@mfr.asso.fr\">laure.bougon@mfr.asso.fr<\/a><\/p><h2><strong>Suivi de l&rsquo;action<\/strong><\/h2><p>Emargement par les stagiaires<\/p><p>Emargement par les formateurs<\/p><p>Point hebdomadaire avec les stagiaires (individuels ou collectifs)<\/p><p>Points r\u00e9guliers avec les tuteurs<\/p><p>Evaluations en fin de formation<\/p><p>Indicateurs (taux de r\u00e9ussite, de satisfaction, d&rsquo;abandon&#8230;) : ils seront communiqu\u00e9s \u00e0 la fin de la formation\u00a0<\/p><h2><strong>Modalit\u00e9s d\u2019\u00e9valuation<\/strong><\/h2><p>Le dipl\u00f4me est obtenu par capitalisation des quatre blocs de comp\u00e9tences (BC). Pour chaque bloc, le stagiaire devra produire un ou plusieurs documents \u00e9crits et passer un entretien.<\/p><p>Le r\u00e9f\u00e9rentiel d\u2019activit\u00e9s, de comp\u00e9tences et d\u2019\u00e9valuation, les situations d\u2019\u00e9valuations certificatives des BC et le tableau r\u00e9capitulant notamment les dispenses et les all\u00e9gements possibles figurent\u00a0dans l\u2019<a href=\"https:\/\/mfrbrenne.fr\/wp-content\/uploads\/2025\/03\/05-Arrete-9-novembre-2024.pdf\">arr\u00eat\u00e9 du 9 novembre 2024<\/a>.<\/p><h2><strong>Passerelles et d\u00e9bouch\u00e9s possibles<\/strong><\/h2><p>Le BP JEPS est le dipl\u00f4me d&rsquo;Etat de r\u00e9f\u00e9rence, de niveau IV (niveau bac), pour les animateurs g\u00e9n\u00e9ralistes. Il permet d&rsquo;exercer des emplois d&rsquo;animateurs socioculturels, encadrant tous types de publics, en autonomie, au sein de collectivit\u00e9s territoriales, d&rsquo;associations&#8230;<\/p><p>Apr\u00e8s l&rsquo;obtention du BPJEPS, le stagiaire peut s\u2019engager sur un DEJEPS ou un DUT Carri\u00e8re Social. Il peut \u00e9galement poursuivre avec le module direction.<\/p><p>Toutes les informations sont disponibles sur la fiche RNCP en cliquant sur ce lien\u00a0:<\/p><p><a href=\"https:\/\/mfrbrenne.fr\/wp-content\/uploads\/2025\/03\/06-RNCP-39926-BPJEPS.pdf\">https:\/\/www.francecompetences.fr\/recherche\/rncp\/39926\/<\/a><\/p><h2><strong>Pour en savoir plus<\/strong><\/h2><ul><li><a href=\"https:\/\/mfrbrenne.fr\/wp-content\/uploads\/2025\/03\/05-Arrete-9-novembre-2024.pdf\">Texte r\u00e9glementaire : Arr\u00eat\u00e9 du 9 novembre 2024<\/a><\/li><li><a href=\"https:\/\/mfrbrenne.fr\/wp-content\/uploads\/2025\/03\/06-RNCP-39926-BPJEPS.pdf\">Fiche RNCP 39926<\/a><\/li><\/ul>\t\t\t\t\t\t\t\t<\/div>\n\t\t\t\t<\/div>\n\t\t\t\t\t<\/div>\n\t\t\t\t<\/div>\n\t\t\t\t<\/div>\n\t\t","protected":false},"excerpt":{"rendered":"<p>BPJEPS sp\u00e9cialit\u00e9 \u00ab animateur \u00bb mention \u00ab animation socio-\u00e9ducative et culturelle \u00bb (ASEC) Action de formation en alternance \/ Ouvert \u00e0 l\u2019apprentissage \/ Niveau 4 PROCHAINE SESSION Octobre 2026 (d\u00e9but inscriptions juin 2026) N\u00b0 d\u2019habilitation DRAJES : 25045HABBPBC0005 Certification N\u00b0 RNCP\u00a0: 39926 Date d&rsquo;enregistrement : 09\/12\/2024 Nom l\u00e9gal du certificateur : minist\u00e8re des Sports et [&hellip;]<\/p>\n","protected":false},"author":1,"featured_media":0,"parent":0,"menu_order":0,"comment_status":"closed","ping_status":"closed","template":"","meta":{"footnotes":""},"class_list":["post-800","page","type-page","status-publish","hentry"],"_links":{"self":[{"href":"https:\/\/mfrbrenne.fr\/index.php\/wp-json\/wp\/v2\/pages\/800","targetHints":{"allow":["GET"]}}],"collection":[{"href":"https:\/\/mfrbrenne.fr\/index.php\/wp-json\/wp\/v2\/pages"}],"about":[{"href":"https:\/\/mfrbrenne.fr\/index.php\/wp-json\/wp\/v2\/types\/page"}],"author":[{"embeddable":true,"href":"https:\/\/mfrbrenne.fr\/index.php\/wp-json\/wp\/v2\/users\/1"}],"replies":[{"embeddable":true,"href":"https:\/\/mfrbrenne.fr\/index.php\/wp-json\/wp\/v2\/comments?post=800"}],"version-history":[{"count":122,"href":"https:\/\/mfrbrenne.fr\/index.php\/wp-json\/wp\/v2\/pages\/800\/revisions"}],"predecessor-version":[{"id":1330,"href":"https:\/\/mfrbrenne.fr\/index.php\/wp-json\/wp\/v2\/pages\/800\/revisions\/1330"}],"wp:attachment":[{"href":"https:\/\/mfrbrenne.fr\/index.php\/wp-json\/wp\/v2\/media?parent=800"}],"curies":[{"name":"wp","href":"https:\/\/api.w.org\/{rel}","templated":true}]}}